{"id":34978,"date":"2019-01-30T13:48:47","date_gmt":"2019-01-30T12:48:47","guid":{"rendered":"https:\/\/vanremoortel.be\/wanddecoratie\/"},"modified":"2021-02-23T08:22:24","modified_gmt":"2021-02-23T07:22:24","slug":"decoration-murale","status":"publish","type":"page","link":"https:\/\/vanremoortel.be\/fr\/decoration-murale\/","title":{"rendered":"DECORATION MURALE"},"content":{"rendered":"\n<style type=\"text\/css\" data-created_by=\"avia_inline_auto\" id=\"style-css-av-av_heading-6cc8fb0688f05e443d903b33ce5ddbc1\">\n#top .av-special-heading.av-av_heading-6cc8fb0688f05e443d903b33ce5ddbc1{\npadding-bottom:50px;\n}\nbody .av-special-heading.av-av_heading-6cc8fb0688f05e443d903b33ce5ddbc1 .av-special-heading-tag .heading-char{\nfont-size:25px;\n}\n.av-special-heading.av-av_heading-6cc8fb0688f05e443d903b33ce5ddbc1 .av-subheading{\nfont-size:15px;\n}\n<\/style>\n<div  class='av-special-heading av-av_heading-6cc8fb0688f05e443d903b33ce5ddbc1 av-special-heading-h1 blockquote modern-quote modern-centered  avia-builder-el-0  el_before_av_textblock  avia-builder-el-first '><h1 class='av-special-heading-tag'  itemprop=\"headline\"  >DECORATION MURALE<\/h1><div class=\"special-heading-border\"><div class=\"special-heading-inner-border\"><\/div><\/div><\/div>\n<section  class='av_textblock_section av-jrj6re83-5ae06382c3f5ae90e1f123c53ca4ff02 '   itemscope=\"itemscope\" itemtype=\"https:\/\/schema.org\/CreativeWork\" ><div class='avia_textblock'  itemprop=\"text\" ><h2>Acheter des d\u00e9corations murales aupr\u00e8s de dizaines de fournisseurs<\/h2>\n<p>Outre une large gamme de d\u00e9coration pour la maison, d&rsquo;articles-cadeaux et d&rsquo;accessoires de jardin, Van Remoortel propose une d\u00e9coration au mur. Pensez aux cadres photo, tableaux, assiettes, horloges et autres ornements suspendus. Parfait pour d\u00e9corer votre entreprise ou comme compl\u00e9ment \u00e0 votre collection d&rsquo;accessoires pour la maison.<\/p>\n<h2>Syst\u00e8mes de suspension d\u00e9coratifs et fonctionnels<\/h2>\n<p>Vous trouverez chez diff\u00e9rents exposants des imprim\u00e9s d\u00e9coratifs, des cadres photo et photo, des horloges, des enseignes, etc. Tout pour compl\u00e9ter la pr\u00e9sentation ou la vitrine de votre magasin. Mais vous pouvez \u00e9galement trouver des \u00e9tag\u00e8res murales, des \u00e9tag\u00e8res flottantes et des syst\u00e8mes de rails ici. Des produits pouvant \u00eatre utilis\u00e9s dans votre magasin, par exemple, mais aussi de mani\u00e8re fonctionnelle.<\/p>\n<h2>\u00catre inspir\u00e9<\/h2>\n<p>En tant que revendeur professionnel ou acheteur d&rsquo;articles pour la maison, les cadeaux et le jardin, vous \u00eates les bienvenus au centre d&rsquo;achat Van Remoortel. Dans notre cash &amp; carry, vous trouverez sous un m\u00eame toit les accessoires pour la maison de plus de 100 fournisseurs. Vous achetez une pi\u00e8ce et payez \u00e0 la caisse centrale. Et ainsi vous recevez une facture. Avec plus de 10 000 m\u00b2, Van Remoortel est l&rsquo;un des centres d&rsquo;achat B2B les plus complets en Belgique.<\/p>\n<\/div><\/section>\n\n<style type=\"text\/css\" data-created_by=\"avia_inline_auto\" id=\"style-css-av-av_heading-09af1e039e2a0249fe9b0d3b0ab1570d\">\n#top .av-special-heading.av-av_heading-09af1e039e2a0249fe9b0d3b0ab1570d{\npadding-bottom:50px;\nfont-size:16px;\n}\nbody .av-special-heading.av-av_heading-09af1e039e2a0249fe9b0d3b0ab1570d .av-special-heading-tag .heading-char{\nfont-size:25px;\n}\n#top #wrap_all .av-special-heading.av-av_heading-09af1e039e2a0249fe9b0d3b0ab1570d .av-special-heading-tag{\nfont-size:16px;\n}\n.av-special-heading.av-av_heading-09af1e039e2a0249fe9b0d3b0ab1570d .av-subheading{\nfont-size:15px;\n}\n\n@media only screen and (min-width: 480px) and (max-width: 767px){ \n#top #wrap_all .av-special-heading.av-av_heading-09af1e039e2a0249fe9b0d3b0ab1570d .av-special-heading-tag{\nfont-size:0.8em;\n}\n}\n\n@media only screen and (max-width: 479px){ \n#top #wrap_all .av-special-heading.av-av_heading-09af1e039e2a0249fe9b0d3b0ab1570d .av-special-heading-tag{\nfont-size:0.8em;\n}\n}\n<\/style>\n<div  class='av-special-heading av-av_heading-09af1e039e2a0249fe9b0d3b0ab1570d av-special-heading-h1 blockquote modern-quote modern-centered  avia-builder-el-2  el_after_av_textblock  el_before_av_buttonrow  av-inherit-size'><h1 class='av-special-heading-tag'  itemprop=\"headline\"  >EXPOSANTS VENDENT DES DECORATIONS MURALES<\/h1><div class=\"special-heading-border\"><div class=\"special-heading-inner-border\"><\/div><\/div><\/div>\n<div  class='avia-buttonrow-wrap av-jrj88vkn-d2e8d480357ac2b99ad2952b07c16b07 avia-buttonrow-center  avia-builder-el-3  el_after_av_heading  el_before_av_buttonrow '>\n\n<style type=\"text\/css\" data-created_by=\"avia_inline_auto\" id=\"style-css-av-3c72x6d-8e7ad279fe778cf2364282cb82f206ed\">\n#top #wrap_all .avia-button.av-3c72x6d-8e7ad279fe778cf2364282cb82f206ed{\nmargin-bottom:5px;\nmargin-right:3px;\nmargin-left:3px;\n}\n<\/style>\n<a href=''  class='avia-button av-3c72x6d-8e7ad279fe778cf2364282cb82f206ed avia-icon_select-no avia-size-large avia-color-theme-color-highlight'  ><span class='avia_iconbox_title' >Fetim<\/span><\/a>\n<\/div>\n<div  class='avia-buttonrow-wrap av-jrj88vkn-d2e8d480357ac2b99ad2952b07c16b07 avia-buttonrow-center  avia-builder-el-4  el_after_av_buttonrow  el_before_av_hr '>\n\n<style type=\"text\/css\" data-created_by=\"avia_inline_auto\" id=\"style-css-av-1ml0iz9-37f3131ee3a0c91effc2cfe27d1256c4\">\n#top #wrap_all .avia-button.av-1ml0iz9-37f3131ee3a0c91effc2cfe27d1256c4{\nmargin-bottom:5px;\nmargin-right:3px;\nmargin-left:3px;\n}\n<\/style>\n<a href=''  class='avia-button av-1ml0iz9-37f3131ee3a0c91effc2cfe27d1256c4 avia-icon_select-no avia-size-large avia-color-theme-color-highlight'  ><span class='avia_iconbox_title' >Present Time<\/span><\/a>\n\n<style type=\"text\/css\" data-created_by=\"avia_inline_auto\" id=\"style-css-av-4vlh3p-221c6b0257487433d95a5a98cf21922c\">\n#top #wrap_all .avia-button.av-4vlh3p-221c6b0257487433d95a5a98cf21922c{\nmargin-bottom:5px;\nmargin-right:3px;\nmargin-left:3px;\n}\n<\/style>\n<a href=''  class='avia-button av-4vlh3p-221c6b0257487433d95a5a98cf21922c avia-icon_select-no avia-size-large avia-color-theme-color'  ><span class='avia_iconbox_title' > Wallsigning<\/span><\/a>\n\n<style type=\"text\/css\" data-created_by=\"avia_inline_auto\" id=\"style-css-av-rhevw5-de5dae40c124e027ff16c36c3ad8cae8\">\n#top #wrap_all .avia-button.av-rhevw5-de5dae40c124e027ff16c36c3ad8cae8{\nmargin-bottom:5px;\nmargin-right:3px;\nmargin-left:3px;\n}\n<\/style>\n<a href=''  class='avia-button av-rhevw5-de5dae40c124e027ff16c36c3ad8cae8 avia-icon_select-no avia-size-large avia-color-theme-color'  ><span class='avia_iconbox_title' > Yape\u2019s<\/span><\/a>\n<\/div>\n\n<style type=\"text\/css\" data-created_by=\"avia_inline_auto\" id=\"style-css-av-jrj6b390-10af5e19563682f3baad23c085af9f8a\">\n#top .hr.hr-invisible.av-jrj6b390-10af5e19563682f3baad23c085af9f8a{\nheight:50px;\n}\n<\/style>\n<div  class='hr av-jrj6b390-10af5e19563682f3baad23c085af9f8a hr-invisible  avia-builder-el-5  el_after_av_buttonrow  el_before_av_buttonrow '><span class='hr-inner '><span class=\"hr-inner-style\"><\/span><\/span><\/div>\n<div  class='avia-buttonrow-wrap av-jrixpayy-a9f436b166705862c0d19cf90be880a8 avia-buttonrow-center  avia-builder-el-6  el_after_av_hr  avia-builder-el-last '>\n\n<style type=\"text\/css\" data-created_by=\"avia_inline_auto\" id=\"style-css-av-13ji153-cc79fdef9336a1802ac938f35e9a380e\">\n#top #wrap_all .avia-button.av-13ji153-cc79fdef9336a1802ac938f35e9a380e{\nmargin-bottom:20px;\nmargin-right:10px;\nmargin-left:10px;\n}\n<\/style>\n<a href='https:\/\/vanremoortel.be\/fr\/assortiment\/'  class='avia-button av-13ji153-cc79fdef9336a1802ac938f35e9a380e avia-icon_select-yes-left-icon avia-size-x-large avia-color-theme-color-subtle'  ><span class='avia_button_icon avia_button_icon_left ' aria-hidden='true' data-av_icon='\ue830' data-av_iconfont='entypo-fontello'><\/span><span class='avia_iconbox_title' >Retour \u00e0 la gamme compl\u00e8te<\/span><\/a>\n\n<style type=\"text\/css\" data-created_by=\"avia_inline_auto\" id=\"style-css-av-vs3axz-e3aa250ff94c517eebbd251e93fd17da\">\n#top #wrap_all .avia-button.av-vs3axz-e3aa250ff94c517eebbd251e93fd17da{\nbackground-color:#630d91;\nborder-color:#630d91;\ncolor:#ffffff;\ntransition:all 0.4s ease-in-out;\nmargin-bottom:20px;\nmargin-right:10px;\nmargin-left:10px;\n}\n<\/style>\n<a href='https:\/\/vanremoortel.be\/fr\/devenir-client\/'  class='avia-button av-vs3axz-e3aa250ff94c517eebbd251e93fd17da avia-icon_select-yes-left-icon avia-size-x-large'  ><span class='avia_button_icon avia_button_icon_left ' aria-hidden='true' data-av_icon='\ue80c' data-av_iconfont='entypo-fontello'><\/span><span class='avia_iconbox_title' >Devenir client<\/span><\/a>\n<\/div>\n","protected":false},"excerpt":{"rendered":"","protected":false},"author":1,"featured_media":0,"parent":0,"menu_order":0,"comment_status":"closed","ping_status":"closed","template":"","meta":{"_exactmetrics_skip_tracking":false,"_exactmetrics_sitenote_active":false,"_exactmetrics_sitenote_note":"","_exactmetrics_sitenote_category":0,"footnotes":""},"class_list":["post-34978","page","type-page","status-publish","hentry"],"yoast_head":"<!-- This site is optimized with the Yoast SEO plugin v27.4 - https:\/\/yoast.com\/product\/yoast-seo-wordpress\/ -->\n<title>DECORATION MURALE - Van Remoortel<\/title>\n<meta name=\"description\" content=\"D\u00e9coration murale pour compl\u00e9ter votre collection. Pensez aux cadres photo, tableaux, assiettes, horloges et autres ornements suspendus.\" \/>\n<meta name=\"robots\" content=\"index, follow, max-snippet:-1, max-image-preview:large, max-video-preview:-1\" \/>\n<link rel=\"canonical\" href=\"https:\/\/vanremoortel.be\/fr\/decoration-murale\/\" \/>\n<meta property=\"og:locale\" content=\"fr_FR\" \/>\n<meta property=\"og:type\" content=\"article\" \/>\n<meta property=\"og:title\" content=\"DECORATION MURALE - Van Remoortel\" \/>\n<meta property=\"og:description\" content=\"D\u00e9coration murale pour compl\u00e9ter votre collection. Pensez aux cadres photo, tableaux, assiettes, horloges et autres ornements suspendus.\" \/>\n<meta property=\"og:url\" content=\"https:\/\/vanremoortel.be\/fr\/decoration-murale\/\" \/>\n<meta property=\"og:site_name\" content=\"Van Remoortel\" \/>\n<meta property=\"article:publisher\" content=\"https:\/\/www.facebook.com\/Groothandel.Decoratie.Van.Remoortel\/\" \/>\n<meta property=\"article:modified_time\" content=\"2021-02-23T07:22:24+00:00\" \/>\n<meta name=\"twitter:card\" content=\"summary_large_image\" \/>\n<meta name=\"twitter:label1\" content=\"Dur\u00e9e de lecture est.\" \/>\n\t<meta name=\"twitter:data1\" content=\"5 minutes\" \/>\n<script type=\"application\/ld+json\" class=\"yoast-schema-graph\">{\"@context\":\"https:\\\/\\\/schema.org\",\"@graph\":[{\"@type\":\"WebPage\",\"@id\":\"https:\\\/\\\/vanremoortel.be\\\/fr\\\/decoration-murale\\\/\",\"url\":\"https:\\\/\\\/vanremoortel.be\\\/fr\\\/decoration-murale\\\/\",\"name\":\"DECORATION MURALE - Van Remoortel\",\"isPartOf\":{\"@id\":\"https:\\\/\\\/vanremoortel.be\\\/#website\"},\"datePublished\":\"2019-01-30T12:48:47+00:00\",\"dateModified\":\"2021-02-23T07:22:24+00:00\",\"description\":\"D\u00e9coration murale pour compl\u00e9ter votre collection. Pensez aux cadres photo, tableaux, assiettes, horloges et autres ornements suspendus.\",\"breadcrumb\":{\"@id\":\"https:\\\/\\\/vanremoortel.be\\\/fr\\\/decoration-murale\\\/#breadcrumb\"},\"inLanguage\":\"fr-BE\",\"potentialAction\":[{\"@type\":\"ReadAction\",\"target\":[\"https:\\\/\\\/vanremoortel.be\\\/fr\\\/decoration-murale\\\/\"]}]},{\"@type\":\"BreadcrumbList\",\"@id\":\"https:\\\/\\\/vanremoortel.be\\\/fr\\\/decoration-murale\\\/#breadcrumb\",\"itemListElement\":[{\"@type\":\"ListItem\",\"position\":1,\"name\":\"Home\",\"item\":\"https:\\\/\\\/vanremoortel.be\\\/fr\\\/accueil\\\/\"},{\"@type\":\"ListItem\",\"position\":2,\"name\":\"DECORATION MURALE\"}]},{\"@type\":\"WebSite\",\"@id\":\"https:\\\/\\\/vanremoortel.be\\\/#website\",\"url\":\"https:\\\/\\\/vanremoortel.be\\\/\",\"name\":\"Van Remoortel\",\"description\":\"Van Remoortel\",\"publisher\":{\"@id\":\"https:\\\/\\\/vanremoortel.be\\\/#organization\"},\"potentialAction\":[{\"@type\":\"SearchAction\",\"target\":{\"@type\":\"EntryPoint\",\"urlTemplate\":\"https:\\\/\\\/vanremoortel.be\\\/?s={search_term_string}\"},\"query-input\":{\"@type\":\"PropertyValueSpecification\",\"valueRequired\":true,\"valueName\":\"search_term_string\"}}],\"inLanguage\":\"fr-BE\"},{\"@type\":\"Organization\",\"@id\":\"https:\\\/\\\/vanremoortel.be\\\/#organization\",\"name\":\"Van Remoortel\",\"url\":\"https:\\\/\\\/vanremoortel.be\\\/\",\"logo\":{\"@type\":\"ImageObject\",\"inLanguage\":\"fr-BE\",\"@id\":\"https:\\\/\\\/vanremoortel.be\\\/#\\\/schema\\\/logo\\\/image\\\/\",\"url\":\"https:\\\/\\\/vanremoortel.be\\\/wp-content\\\/uploads\\\/2017\\\/09\\\/van-Remoortel_powered_FINAL.jpg\",\"contentUrl\":\"https:\\\/\\\/vanremoortel.be\\\/wp-content\\\/uploads\\\/2017\\\/09\\\/van-Remoortel_powered_FINAL.jpg\",\"width\":2328,\"height\":322,\"caption\":\"Van Remoortel\"},\"image\":{\"@id\":\"https:\\\/\\\/vanremoortel.be\\\/#\\\/schema\\\/logo\\\/image\\\/\"},\"sameAs\":[\"https:\\\/\\\/www.facebook.com\\\/Groothandel.Decoratie.Van.Remoortel\\\/\",\"https:\\\/\\\/www.instagram.com\\\/van_remoortel\\\/?hl=nl\",\"https:\\\/\\\/www.linkedin.com\\\/company\\\/van-remoortel-nv\\\/about\\\/\",\"https:\\\/\\\/www.youtube.com\\\/channel\\\/UCYm8eOCzCOC4HxA-Ya0XayQ\"]}]}<\/script>\n<!-- \/ Yoast SEO plugin. -->","yoast_head_json":{"title":"DECORATION MURALE - Van Remoortel","description":"D\u00e9coration murale pour compl\u00e9ter votre collection. Pensez aux cadres photo, tableaux, assiettes, horloges et autres ornements suspendus.","robots":{"index":"index","follow":"follow","max-snippet":"max-snippet:-1","max-image-preview":"max-image-preview:large","max-video-preview":"max-video-preview:-1"},"canonical":"https:\/\/vanremoortel.be\/fr\/decoration-murale\/","og_locale":"fr_FR","og_type":"article","og_title":"DECORATION MURALE - Van Remoortel","og_description":"D\u00e9coration murale pour compl\u00e9ter votre collection. Pensez aux cadres photo, tableaux, assiettes, horloges et autres ornements suspendus.","og_url":"https:\/\/vanremoortel.be\/fr\/decoration-murale\/","og_site_name":"Van Remoortel","article_publisher":"https:\/\/www.facebook.com\/Groothandel.Decoratie.Van.Remoortel\/","article_modified_time":"2021-02-23T07:22:24+00:00","twitter_card":"summary_large_image","twitter_misc":{"Dur\u00e9e de lecture est.":"5 minutes"},"schema":{"@context":"https:\/\/schema.org","@graph":[{"@type":"WebPage","@id":"https:\/\/vanremoortel.be\/fr\/decoration-murale\/","url":"https:\/\/vanremoortel.be\/fr\/decoration-murale\/","name":"DECORATION MURALE - Van Remoortel","isPartOf":{"@id":"https:\/\/vanremoortel.be\/#website"},"datePublished":"2019-01-30T12:48:47+00:00","dateModified":"2021-02-23T07:22:24+00:00","description":"D\u00e9coration murale pour compl\u00e9ter votre collection. Pensez aux cadres photo, tableaux, assiettes, horloges et autres ornements suspendus.","breadcrumb":{"@id":"https:\/\/vanremoortel.be\/fr\/decoration-murale\/#breadcrumb"},"inLanguage":"fr-BE","potentialAction":[{"@type":"ReadAction","target":["https:\/\/vanremoortel.be\/fr\/decoration-murale\/"]}]},{"@type":"BreadcrumbList","@id":"https:\/\/vanremoortel.be\/fr\/decoration-murale\/#breadcrumb","itemListElement":[{"@type":"ListItem","position":1,"name":"Home","item":"https:\/\/vanremoortel.be\/fr\/accueil\/"},{"@type":"ListItem","position":2,"name":"DECORATION MURALE"}]},{"@type":"WebSite","@id":"https:\/\/vanremoortel.be\/#website","url":"https:\/\/vanremoortel.be\/","name":"Van Remoortel","description":"Van Remoortel","publisher":{"@id":"https:\/\/vanremoortel.be\/#organization"},"potentialAction":[{"@type":"SearchAction","target":{"@type":"EntryPoint","urlTemplate":"https:\/\/vanremoortel.be\/?s={search_term_string}"},"query-input":{"@type":"PropertyValueSpecification","valueRequired":true,"valueName":"search_term_string"}}],"inLanguage":"fr-BE"},{"@type":"Organization","@id":"https:\/\/vanremoortel.be\/#organization","name":"Van Remoortel","url":"https:\/\/vanremoortel.be\/","logo":{"@type":"ImageObject","inLanguage":"fr-BE","@id":"https:\/\/vanremoortel.be\/#\/schema\/logo\/image\/","url":"https:\/\/vanremoortel.be\/wp-content\/uploads\/2017\/09\/van-Remoortel_powered_FINAL.jpg","contentUrl":"https:\/\/vanremoortel.be\/wp-content\/uploads\/2017\/09\/van-Remoortel_powered_FINAL.jpg","width":2328,"height":322,"caption":"Van Remoortel"},"image":{"@id":"https:\/\/vanremoortel.be\/#\/schema\/logo\/image\/"},"sameAs":["https:\/\/www.facebook.com\/Groothandel.Decoratie.Van.Remoortel\/","https:\/\/www.instagram.com\/van_remoortel\/?hl=nl","https:\/\/www.linkedin.com\/company\/van-remoortel-nv\/about\/","https:\/\/www.youtube.com\/channel\/UCYm8eOCzCOC4HxA-Ya0XayQ"]}]}},"_links":{"self":[{"href":"https:\/\/vanremoortel.be\/fr\/wp-json\/wp\/v2\/pages\/34978","targetHints":{"allow":["GET"]}}],"collection":[{"href":"https:\/\/vanremoortel.be\/fr\/wp-json\/wp\/v2\/pages"}],"about":[{"href":"https:\/\/vanremoortel.be\/fr\/wp-json\/wp\/v2\/types\/page"}],"author":[{"embeddable":true,"href":"https:\/\/vanremoortel.be\/fr\/wp-json\/wp\/v2\/users\/1"}],"replies":[{"embeddable":true,"href":"https:\/\/vanremoortel.be\/fr\/wp-json\/wp\/v2\/comments?post=34978"}],"version-history":[{"count":5,"href":"https:\/\/vanremoortel.be\/fr\/wp-json\/wp\/v2\/pages\/34978\/revisions"}],"predecessor-version":[{"id":42226,"href":"https:\/\/vanremoortel.be\/fr\/wp-json\/wp\/v2\/pages\/34978\/revisions\/42226"}],"wp:attachment":[{"href":"https:\/\/vanremoortel.be\/fr\/wp-json\/wp\/v2\/media?parent=34978"}],"curies":[{"name":"wp","href":"https:\/\/api.w.org\/{rel}","templated":true}]}}